{"id":296,"date":"2016-08-16T15:52:47","date_gmt":"2016-08-16T13:52:47","guid":{"rendered":"http:\/\/stimme-und-persoenlichkeit.de\/?page_id=296"},"modified":"2019-02-28T13:05:58","modified_gmt":"2019-02-28T11:05:58","slug":"angebote","status":"publish","type":"page","link":"http:\/\/stimme-und-persoenlichkeit.de\/index.php\/stimme\/angebote\/","title":{"rendered":"Angebote"},"content":{"rendered":"<h4><em>Einzeltraining<\/em><\/h4>\n<p>rund um Atem, Stimme, Sprechen, Ausdruck, K\u00f6rpersprache,\u00a0 Pr\u00e4sentation<\/p>\n<h4><em>Workshops<\/em><\/h4>\n<p>&nbsp;<\/p>\n<p align=\"center\">\n<p style=\"text-align: left;\" align=\"center\">\n<p style=\"text-align: left;\" align=\"center\">\n<p style=\"text-align: left;\" align=\"center\">\n<p style=\"text-align: left;\" align=\"center\">\n<p style=\"text-align: left;\" align=\"center\">\n<p style=\"text-align: left;\" align=\"center\">\n<p style=\"text-align: left;\" align=\"center\">\n<p style=\"text-align: left;\" align=\"center\">\n<p style=\"text-align: left;\" align=\"center\"><span style=\"text-decoration: underline;\"><span style=\"font-family: Liberation Serif,serif;\"><span style=\"font-size: xx-large;\"><b>Stimme\u00a0 <\/b><b><span style=\"font-size: small;\"><i>i<\/i><\/span><span style=\"font-size: small;\"><i>n\u00a0\u00a0\u00a0 <\/i><\/span><span style=\"font-size: xx-large;\">B<\/span><span style=\"font-size: xx-large;\">ewegung<\/span><\/b><\/span><\/span><\/span><\/p>\n<p align=\"left\"><span style=\"font-family: Liberation Serif,serif;\"><span style=\"font-size: small;\"><i>\u00e4chzen &#8230; seufzen&#8230; st\u00f6hnen&#8230; wispern &#8230; summen brummen&#8230; t\u00f6nen&#8230; quietschen&#8230; jubilieren&#8230;<\/i><\/span><\/span><\/p>\n<p align=\"left\"><span style=\"font-family: Liberation Serif,serif;\"><span style=\"font-size: small;\"><b>&#8230;.unsere Stimme kann viel mehr als nur sprechen!<\/b><\/span><\/span><\/p>\n<p align=\"left\"><span style=\"font-family: Liberation Serif,serif;\"><span style=\"font-size: small;\">Ein Workshop f\u00fcr alle, die gerne ganz frei die Ausdrucksm\u00f6glichkeiten der eigenen Stimme erforschen und ausprobieren m\u00f6chten.<\/span><\/span><\/p>\n<p align=\"left\"><span style=\"font-family: Liberation Serif,serif;\"><span style=\"font-size: small;\">K\u00f6rper\u00fcbungen schaffen Wachheit &#8211; und fast von selbst kommen eigene T\u00f6ne dazu.<\/span><\/span><\/p>\n<p align=\"left\"><span style=\"font-family: Liberation Serif,serif;\"><span style=\"font-size: small;\">Mit Bewegung, Improvisationen, Rhythmus- und Klangspielen kann dann das eigene Spektrum spielerisch erfahren und bewusst gestaltet werden.<\/span><\/span><\/p>\n<p align=\"left\"><span style=\"font-family: Liberation Serif,serif;\"><span style=\"font-size: small;\">Es sind keine stimmlichen Vorerfahrungen n\u00f6tig, nur die Bereitschaft, sich zu \u00f6ffnen und den Klang der eigenen Seele flie\u00dfen zu lassen<\/span><\/span><\/p>\n<p>&nbsp;<\/p>\n<ul>\n<li>\n<h4><span style=\"text-decoration: underline;\"><b>Kraft aus der Stille<br \/>\n<\/b><\/span><\/h4>\n<\/li>\n<\/ul>\n<p>entspannt \u2013 belebt \u2013 inspiriert.<\/p>\n<p>Ein lustvoller Weg, um den Stress des Alltags hinter sich zu lassen und tiefe innere Ruhe zu erleben!<\/p>\n<p>Kleine K\u00f6rper\u00fcbungen zum Entspannen f\u00fchren ganz leicht ins eigene T\u00f6nen und Summen, das jede Zelle des K\u00f6rpers in freudige, lebendige Schwingung versetzt. Der Gong mit seinem wandlungsf\u00e4higen Klang kommt dazu, und man ist eingeladen sich dem Klang hinzugeben und gen\u00fcsslich darin zu baden. Dabei kann man seinen eigene Impulsen folgen: sich dazu bewegen oder \u2013 gem\u00fctlich auf einer Matte liegend \u2013 auf eine innere Klangreise gehen.<\/p>\n<p>Phasen der meditativen Stille lassen Raum f\u00fcr tiefe Erholung und Regeneration \u2013 und immer wieder kl\u00e4ren sich dabei innere Prozesse und neue Einsichten tauchen auf\u2026<\/p>\n<p>So sind Sie dann gleichzeitig entspannt, erfrischt und mit neuer Energie f\u00fcr den Alltag versehen.<\/p>\n<p><strong>Dieser Kurs ist f\u00fcr Sie interessant wenn Sie:<\/strong><\/p>\n<ul>\n<li>eine kleine wohltuende Auszeit f\u00fcr sich erleben m\u00f6chten<\/li>\n<li>einfach mal wieder zur Ruhe kommen wollen<\/li>\n<li>es genie\u00dfen zu t\u00f6nen und im Klang zu baden<\/li>\n<li>Entspannung und neue Kraft finden m\u00f6chten<\/li>\n<li>sich selbst wieder besser sp\u00fcren und die Eigenwahrnehmung vertiefen wollen<\/li>\n<li>neugierig sind auf neue Erfahrungen in Bezug auf Selbstwahrnehmung und Ausdruck<\/li>\n<li>Freude an der besonderen Atmosph\u00e4re beim gemeinsamen t\u00f6nen und in der gemeinsamen Stille haben<\/li>\n<\/ul>\n<p>&nbsp;<\/p>\n<h4>Auf die Pl\u00e4tze &#8211; sprechen- los!<\/h4>\n<p>&nbsp;<\/p>\n<p><strong>Leicht und lustvoll vor Publikum sprechen und pr\u00e4sentieren!<\/strong><\/p>\n<p>Vor Publikum zu sprechen f\u00fcr viele Menschen einer der h\u00f6chsten Stressfaktoren \u00fcberhaupt &#8211; das muss aber nicht so sein und l\u00e4sst sich \u00e4ndern!<\/p>\n<p>In diesem Grundlagenseminar mit viel Informationen und effektiven Praxistipps zu Stimme, Sprache und Kommunikation lernen Sie, wie Sie in Sprechsituationen gut f\u00fcr sich sorgen, Ihre Stimme richtig einsetzen und Lampenfieber in positive Aufregung verwandeln k\u00f6nnen.<\/p>\n<p>Sie erfahren die Bedeutung der Stimme in der Kommunikation und Grundlagen des guten Sprechens. Mit Wissenswertem \u00fcber Atem- und Stimmerzeugung werden wir ganz praktisch an Atem\u00fcbungen, deutlicher Artikulation, sowie Stimmklang und \u2013melodie arbeiten und Sie bekommen Anregungen f\u00fcr eine lebendige und ansprechende Sprachgestaltung.<\/p>\n<p>Sie erleben z. B. sofort, wie einfache K\u00f6rper\u00fcbungen Ihren Atem tiefer, die Stimme klangvoller und Ihre Aussprache deutlicher werden lassen.<\/p>\n<p>Die kleine Gruppengr\u00f6\u00dfe ( max. sechs Personen) l\u00e4sst viel Platz f\u00fcr Ihre Fragen und individuelles Feedback!<\/p>\n<p>Bitte lockere bequeme Bewegungskleidung und dicke Socken mitbringen!<\/p>\n<h6 class=\"western\"><strong>Dieser Kurs ist interessant f\u00fcr Sie, wenn Sie \u2026<\/strong><\/h6>\n<p>&#8211; lernen m\u00f6chten, frei und unbefangen vor Publikum zu sprechen<\/p>\n<p>&#8211; neugierig sind auf Ihre Stimme, wie sie wirkt und wie man sie einsetzen kann<\/p>\n<p>&#8211; in beruflichen Kontexten viel sprechen und pr\u00e4sentieren m\u00fcssen z. B. in Unterricht,Vortr\u00e4gen, Verhandlungen, Kundengespr\u00e4chen, Verkaufssituationen<\/p>\n<p>&nbsp;<\/p>\n<p>&nbsp;<\/p>\n","protected":false},"excerpt":{"rendered":"<p>Einzeltraining rund um Atem, Stimme, Sprechen, Ausdruck, K\u00f6rpersprache,\u00a0 Pr\u00e4sentation Workshops &nbsp; Stimme\u00a0 in\u00a0\u00a0\u00a0 Bewegung \u00e4chzen &#8230; seufzen&#8230; st\u00f6hnen&#8230; wispern &#8230; summen brummen&#8230; t\u00f6nen&#8230; quietschen&#8230; jubilieren&#8230; &#8230;.unsere Stimme kann viel mehr als nur sprechen! Ein Workshop f\u00fcr alle, die gerne ganz &hellip; <a href=\"http:\/\/stimme-und-persoenlichkeit.de\/index.php\/stimme\/angebote\/\">Continued<\/a><\/p>\n","protected":false},"author":2,"featured_media":0,"parent":33,"menu_order":1,"comment_status":"closed","ping_status":"closed","template":"page-feature.php","meta":[],"_links":{"self":[{"href":"http:\/\/stimme-und-persoenlichkeit.de\/index.php\/wp-json\/wp\/v2\/pages\/296"}],"collection":[{"href":"http:\/\/stimme-und-persoenlichkeit.de\/index.php\/wp-json\/wp\/v2\/pages"}],"about":[{"href":"http:\/\/stimme-und-persoenlichkeit.de\/index.php\/wp-json\/wp\/v2\/types\/page"}],"author":[{"embeddable":true,"href":"http:\/\/stimme-und-persoenlichkeit.de\/index.php\/wp-json\/wp\/v2\/users\/2"}],"replies":[{"embeddable":true,"href":"http:\/\/stimme-und-persoenlichkeit.de\/index.php\/wp-json\/wp\/v2\/comments?post=296"}],"version-history":[{"count":28,"href":"http:\/\/stimme-und-persoenlichkeit.de\/index.php\/wp-json\/wp\/v2\/pages\/296\/revisions"}],"predecessor-version":[{"id":553,"href":"http:\/\/stimme-und-persoenlichkeit.de\/index.php\/wp-json\/wp\/v2\/pages\/296\/revisions\/553"}],"up":[{"embeddable":true,"href":"http:\/\/stimme-und-persoenlichkeit.de\/index.php\/wp-json\/wp\/v2\/pages\/33"}],"wp:attachment":[{"href":"http:\/\/stimme-und-persoenlichkeit.de\/index.php\/wp-json\/wp\/v2\/media?parent=296"}],"curies":[{"name":"wp","href":"https:\/\/api.w.org\/{rel}","templated":true}]}}