{"id":33,"date":"2016-06-25T13:28:27","date_gmt":"2016-06-25T13:28:27","guid":{"rendered":"http:\/\/stimme-und-persoenlichkeit.de\/?page_id=33"},"modified":"2019-06-04T13:08:01","modified_gmt":"2019-06-04T11:08:01","slug":"stimme","status":"publish","type":"page","link":"http:\/\/stimme-und-persoenlichkeit.de\/index.php\/stimme\/","title":{"rendered":"Stimme"},"content":{"rendered":"<h3>ist <strong>Atem<\/strong> ist <strong>K\u00f6rper<\/strong> ist <strong>Kraft <\/strong>ist <strong>Gef\u00fchl<\/strong> ist <strong>Ausdruck<\/strong> ist <strong>Befreiung is<\/strong>t <strong>Lebensfreude<\/strong> ist <strong>Spiegel<\/strong> ist <strong>Verbindung<\/strong> ist <strong>Sprache<\/strong> ist <strong>Gesang<\/strong> ist <strong>Spiritualit\u00e4t<\/strong>&#8230;<\/h3>\n<h3>&#8230;gehe auf Entdeckungsreise&#8230;<\/h3>\n<h3>&#8230;und finde&#8230;<\/h3>\n<h2>DICH SELBST!<\/h2>\n<p style=\"padding-left: 30px;\">.<\/p>\n<h4 style=\"padding-left: 30px;\"><em><strong>ANGEBOTE:<\/strong><\/em><\/h4>\n<ul>\n<li>Stimme und Gesang nach A.Wolffsohn \/ Roy Hart<\/li>\n<li>&#8216;Singen mit BAUCH&#8217;\u00a0 in der Schwangerschaft<\/li>\n<li>Sprechtraining<\/li>\n<li>Pr\u00e4senz- und Vortragscoaching<\/li>\n<li>Pers\u00f6nlichkeitsentwicklung und-coaching durch Stimm- und K\u00f6rperarbeit<\/li>\n<\/ul>\n<p><strong>\u00a0Einzelarbeit und Gruppen,\u00a0 auch im beruflichen Kontext<\/strong><\/p>\n<p>&nbsp;<\/p>\n<p>&nbsp;<\/p>\n","protected":false},"excerpt":{"rendered":"<p>ist Atem ist K\u00f6rper ist Kraft ist Gef\u00fchl ist Ausdruck ist Befreiung ist Lebensfreude ist Spiegel ist Verbindung ist Sprache ist Gesang ist Spiritualit\u00e4t&#8230; &#8230;gehe auf Entdeckungsreise&#8230; &#8230;und finde&#8230; DICH SELBST! . ANGEBOTE: Stimme und Gesang nach A.Wolffsohn \/ Roy &hellip; <a href=\"http:\/\/stimme-und-persoenlichkeit.de\/index.php\/stimme\/\">Continued<\/a><\/p>\n","protected":false},"author":2,"featured_media":0,"parent":0,"menu_order":0,"comment_status":"closed","ping_status":"closed","template":"page-feature.php","meta":[],"_links":{"self":[{"href":"http:\/\/stimme-und-persoenlichkeit.de\/index.php\/wp-json\/wp\/v2\/pages\/33"}],"collection":[{"href":"http:\/\/stimme-und-persoenlichkeit.de\/index.php\/wp-json\/wp\/v2\/pages"}],"about":[{"href":"http:\/\/stimme-und-persoenlichkeit.de\/index.php\/wp-json\/wp\/v2\/types\/page"}],"author":[{"embeddable":true,"href":"http:\/\/stimme-und-persoenlichkeit.de\/index.php\/wp-json\/wp\/v2\/users\/2"}],"replies":[{"embeddable":true,"href":"http:\/\/stimme-und-persoenlichkeit.de\/index.php\/wp-json\/wp\/v2\/comments?post=33"}],"version-history":[{"count":31,"href":"http:\/\/stimme-und-persoenlichkeit.de\/index.php\/wp-json\/wp\/v2\/pages\/33\/revisions"}],"predecessor-version":[{"id":568,"href":"http:\/\/stimme-und-persoenlichkeit.de\/index.php\/wp-json\/wp\/v2\/pages\/33\/revisions\/568"}],"wp:attachment":[{"href":"http:\/\/stimme-und-persoenlichkeit.de\/index.php\/wp-json\/wp\/v2\/media?parent=33"}],"curies":[{"name":"wp","href":"https:\/\/api.w.org\/{rel}","templated":true}]}}