{"id":43,"date":"2016-06-25T13:45:11","date_gmt":"2016-06-25T13:45:11","guid":{"rendered":"http:\/\/stimme-und-persoenlichkeit.de\/?page_id=43"},"modified":"2018-10-23T21:53:17","modified_gmt":"2018-10-23T19:53:17","slug":"cranio","status":"publish","type":"page","link":"http:\/\/stimme-und-persoenlichkeit.de\/index.php\/cranio\/","title":{"rendered":"Cranio"},"content":{"rendered":"<p>Craniosacrale* K\u00f6rperarbeit ist eine<strong> sanfte, tiefenwirksame, nicht-invasive Form der Ber\u00fchrung.<\/strong><\/p>\n<p>Sie unterst\u00fctzt dabei, bei sich selbst und im eigenen K\u00f6rper anzukommen, freie Beweglichkeit im K\u00f6rper und ungest\u00f6rten Energiefluss auf allen Ebenen wiederherzustellen.<\/p>\n<p>Gezielte Ber\u00fchrung lenkt Energie und Aufmerksamkeit dorthin wo der Fluss unterbrochen oder gestaut ist. Das hilft dabei, Festgehaltenes freizusetzen, seelische Inhalte zu verarbeiten und Gef\u00fchle behutsam und in liebevoller\u00a0 Annahme flie\u00dfen zu lassen.<\/p>\n<p>Dies f\u00fchrt zu tiefer Entspannung, Stressabbau\u00a0 und Wohlbefinden, unterst\u00fctzt die Selbstheilung und setzt tiefe Kraft und heilsame Lebensfreude frei.<\/p>\n<p>&nbsp;<\/p>\n<p>Wohltuend und unterst\u00fctzend bei:<\/p>\n<p><strong>Kopf-, Nacken- und R\u00fcckenproblemen<\/strong><\/p>\n<p><strong>Tinnitus<\/strong><\/p>\n<p><strong>Psychosomatische Beschwerden<\/strong><\/p>\n<p><strong>Ersch\u00f6pfung<\/strong><\/p>\n<p><strong>Burnout<\/strong><\/p>\n<p><strong>Stress<\/strong><\/p>\n<p><strong>k\u00f6rperliche und seelische Traumata<\/strong><\/p>\n<p>&nbsp;<\/p>\n<p>* Cranium = Kopf, sacrum = Kreuzbein, sie sind zusammen mit der Wirbels\u00e4ule die wichtigsten Behandlungspunkte<\/p>\n<p>&nbsp;<\/p>\n<p>WICHTIG:<\/p>\n<p>Die Behandlungen dienen der Entspannung und dem pers\u00f6nlichen Wohlbefinden.<\/p>\n<p>Sie stellen keine medizinische Therapie dar und ersetzen keinen Arzt, Heilpraktiker oder Physiotherapeuten!<\/p>\n<p>&nbsp;<\/p>\n<p>&nbsp;<\/p>\n","protected":false},"excerpt":{"rendered":"<p>Craniosacrale* K\u00f6rperarbeit ist eine sanfte, tiefenwirksame, nicht-invasive Form der Ber\u00fchrung. Sie unterst\u00fctzt dabei, bei sich selbst und im eigenen K\u00f6rper anzukommen, freie Beweglichkeit im K\u00f6rper und ungest\u00f6rten Energiefluss auf allen Ebenen wiederherzustellen. Gezielte Ber\u00fchrung lenkt Energie und Aufmerksamkeit dorthin wo &hellip; <a href=\"http:\/\/stimme-und-persoenlichkeit.de\/index.php\/cranio\/\">Continued<\/a><\/p>\n","protected":false},"author":2,"featured_media":0,"parent":0,"menu_order":0,"comment_status":"closed","ping_status":"closed","template":"page-feature.php","meta":[],"_links":{"self":[{"href":"http:\/\/stimme-und-persoenlichkeit.de\/index.php\/wp-json\/wp\/v2\/pages\/43"}],"collection":[{"href":"http:\/\/stimme-und-persoenlichkeit.de\/index.php\/wp-json\/wp\/v2\/pages"}],"about":[{"href":"http:\/\/stimme-und-persoenlichkeit.de\/index.php\/wp-json\/wp\/v2\/types\/page"}],"author":[{"embeddable":true,"href":"http:\/\/stimme-und-persoenlichkeit.de\/index.php\/wp-json\/wp\/v2\/users\/2"}],"replies":[{"embeddable":true,"href":"http:\/\/stimme-und-persoenlichkeit.de\/index.php\/wp-json\/wp\/v2\/comments?post=43"}],"version-history":[{"count":24,"href":"http:\/\/stimme-und-persoenlichkeit.de\/index.php\/wp-json\/wp\/v2\/pages\/43\/revisions"}],"predecessor-version":[{"id":479,"href":"http:\/\/stimme-und-persoenlichkeit.de\/index.php\/wp-json\/wp\/v2\/pages\/43\/revisions\/479"}],"wp:attachment":[{"href":"http:\/\/stimme-und-persoenlichkeit.de\/index.php\/wp-json\/wp\/v2\/media?parent=43"}],"curies":[{"name":"wp","href":"https:\/\/api.w.org\/{rel}","templated":true}]}}